{"id":470,"date":"2025-07-02T11:08:10","date_gmt":"2025-07-02T09:08:10","guid":{"rendered":"https:\/\/vdoestudcoor.umh.es\/?page_id=470"},"modified":"2025-07-02T11:53:42","modified_gmt":"2025-07-02T09:53:42","slug":"certificacion","status":"publish","type":"page","link":"https:\/\/vdoestudcoor.umh.es\/ca\/certificacion\/","title":{"rendered":"Certificaci\u00f3"},"content":{"rendered":"<p><\/p>\n<p style=\"text-align: justify\"><span style=\"font-weight: 400\">La Universitat Miguel Hern\u00e1ndez (UMH) d\u2019Elx, a trav\u00e9s del Vicerectorat d\u2019Estudiants i Coordinaci\u00f3, impulsa activament la divulgaci\u00f3 cient\u00edfica com una eina essencial per a apropar el coneixement generat als seus campus a la societat.<\/span><\/p>\n<p style=\"text-align: justify\"><span style=\"font-weight: 400\">En aquest context, s\u2019ha habilitat un <\/span><b>sistema de reconeixement de les activitats de divulgaci\u00f3 desenvolupades als canals i plataformes institucionals de la UMH<\/b><span style=\"font-weight: 400\">, com ara la Revista UMH Sapiens, la R\u00e0dio UMH, la Unitat Audiovisual, esdeveniments com FecitElx o la Nit Europea de les Investigadores, aix\u00ed com les iniciatives de la marca Eureka, entre altres.<\/span><\/p>\n<p style=\"text-align: justify\"><span style=\"font-weight: 400\">Aquest reconeixement est\u00e0 destinat a aquelles <\/span><b>activitats adre\u00e7ades a la ciutadania en general, quedant excloses les accions orientades exclusivament a entorns docents o especialitzats. <\/b><span style=\"font-weight: 400\">La sol\u00b7licitud d\u2019acreditaci\u00f3 s\u2019ha de fer a trav\u00e9s del formulari corresponent i ser\u00e0 valorada per una Comissi\u00f3 designada pel Vicerectorat. Cal tindre en compte que <\/span><span style=\"font-weight: 400\">aquesta certificaci\u00f3 es limita a activitats realitzades als canals institucionals de la UMH.<\/span><\/p>\n<p style=\"text-align: justify\"><span style=\"font-weight: 400\">A continuaci\u00f3, es facilita l\u2019acc\u00e9s als formularis de sol\u00b7licitud, que s\u2019han de completar segons els criteris establits en <\/span><a href=\"https:\/\/boumh.umh.es\/files\/2025\/04\/bil-RCOGO-074-25-Not-acu.-Certificacion-actividades-divulgacion-cientifica-UMH-Vr.-Estudiantes-y-Coordinacion-copia-autentica.pdf\"><span style=\"font-weight: 400\">la normativa (PDF 294KB)<\/span><\/a><span style=\"font-weight: 400\">:<\/span><\/p>\n<ol style=\"text-align: justify\">\n<li style=\"font-weight: 400\"><a href=\"https:\/\/forms.gle\/kHMnQw7rTJerGK8j8\" target=\"_blank\" rel=\"noopener\"><span style=\"font-weight: 400\">Articles de divulgaci\u00f3 escrita (obri en una nova pestanya)<\/span><\/a><\/li>\n<li style=\"font-weight: 400\"><a href=\"https:\/\/forms.gle\/L94LDQ6gGv1eVzxm9\" target=\"_blank\" rel=\"noopener\"><span style=\"font-weight: 400\">Exposicions (obri en una nova pestanya)<\/span><\/a><\/li>\n<li style=\"font-weight: 400\"><a href=\"https:\/\/forms.gle\/YsATELLpagF61zKp6\" target=\"_blank\" rel=\"noopener\"><span style=\"font-weight: 400\">Creaci\u00f3 de materials divulgatius (obri en una nova pestanya)<\/span><\/a><\/li>\n<li style=\"font-weight: 400\"><a href=\"https:\/\/forms.gle\/qr17zbaDLpN67re78\" target=\"_blank\" rel=\"noopener\"><span style=\"font-weight: 400\">Assessorament a periodistes com a font experta (obri en una nova pestanya)<\/span><\/a><\/li>\n<li style=\"font-weight: 400\"><a href=\"https:\/\/forms.gle\/13q2Wa3oVFzHriN86\" target=\"_blank\" rel=\"noopener\"><span style=\"font-weight: 400\">Televisi\u00f3 (obri en una nova pestanya)<\/span><\/a><\/li>\n<li style=\"font-weight: 400\"><a href=\"https:\/\/forms.gle\/E5qzCzrLNPYys3fn8\" target=\"_blank\" rel=\"noopener\"><span style=\"font-weight: 400\">R\u00e0dio (obri en una nova pestanya)<\/span><\/a><\/li>\n<li style=\"font-weight: 400\"><a href=\"https:\/\/forms.gle\/vuaYiWnTBr7HMFKB9\" target=\"_blank\" rel=\"noopener\"><span style=\"font-weight: 400\">Blogs (obri en una nova pestanya)<\/span><\/a><\/li>\n<li style=\"font-weight: 400\"><a href=\"https:\/\/forms.gle\/XLSwjKxQLoWVBZAcA\" target=\"_blank\" rel=\"noopener\"><span style=\"font-weight: 400\">Cursos de divulgaci\u00f3 cient\u00edfica (obri en una nova pestanya)<\/span><\/a><\/li>\n<li style=\"font-weight: 400\"><a href=\"https:\/\/forms.gle\/JmFXBNxtWnVgbgrk8\" target=\"_blank\" rel=\"noopener\"><span style=\"font-weight: 400\">Activitats interactives presencials (obri en una nova pestanya)<\/span><\/a><span style=\"font-weight: 400\">\u00a0(fires de ci\u00e8ncia, tallers, etc.)<\/span><\/li>\n<li style=\"font-weight: 400\"><a href=\"https:\/\/forms.gle\/FwsKmgjPXtcNhzpNA\" target=\"_blank\" rel=\"noopener\"><span style=\"font-weight: 400\">Espectacles de divulgaci\u00f3 (obri en una nova pestanya)<\/span><\/a> <span style=\"font-weight: 400\">\u00a0(caf\u00e8s cient\u00edfics, tert\u00falies, mon\u00f2legs, xarrades divulgatives, etc.)<\/span><\/li>\n<li style=\"font-weight: 400\"><a href=\"https:\/\/forms.gle\/FwsKmgjPXtcNhzpNA\" target=\"_blank\" rel=\"noopener\"><span style=\"font-weight: 400\">Altres (obri en una nova pestanya)<\/span><\/a><\/li>\n<\/ol>\n<p style=\"text-align: justify\"><b>Altres documents d\u2019inter\u00e9s:<\/b><\/p>\n<ul style=\"text-align: justify\">\n<li style=\"font-weight: 400\"><a href=\"https:\/\/boumh.umh.es\/files\/2025\/04\/bil-RCOGO-074-25-Not-acu.-Certificacion-actividades-divulgacion-cientifica-UMH-Vr.-Estudiantes-y-Coordinacion-copia-autentica.pdf\" target=\"_blank\" rel=\"noopener\"><i><span style=\"font-weight: 400\">Normativa de certificaci\u00f3 de les activitats de divulgaci\u00f3 cient\u00edfica<\/span><\/i> (PDF 294 KB)<\/a><span style=\"font-weight: 400\">de la Universitat Miguel Hern\u00e1ndez d\u2019Elx<\/span><\/li>\n<li style=\"font-weight: 400\"><a href=\"https:\/\/www.crue.org\/wp-content\/uploads\/2020\/02\/Guia-Valoraci%C3%B3n-Divulgaci%C3%B3n-Nov-VDEF.pdf\" target=\"_blank\" rel=\"noopener\"><i><span style=\"font-weight: 400\">Guia de valoraci\u00f3 de l\u2019Activitat de Divulgaci\u00f3 Cient\u00edfica (PDF 5,5MB) (2020)<\/span><\/i><\/a><span style=\"font-weight: 400\"> elaborada per la Xarxa de Divulgaci\u00f3 i Cultura Cient\u00edfica de CRUE (Red Divulga)<\/span><\/li>\n<li style=\"font-weight: 400\"><i><a href=\"https:\/\/vdoestudcoor.umh.es\/files\/2025\/07\/Gui%CC%81a-de-evaluacio%CC%81n-de-la-actividad-divulgadora-2.0.pdf\" target=\"_blank\" rel=\"noopener\">Guia de valoraci\u00f3 de l\u2019activitat de divulgaci\u00f3 cient\u00edfica del personal acad\u00e8mic i investigador 2.0 (PDF 314KB)<\/a> (2025)<\/i> elaborada per la Xarxa de Divulgaci\u00f3 i Cultura Cient\u00edfica de CRUE (Red Divulga)<\/li>\n<\/ul>\n<p><\/p>","protected":false},"excerpt":{"rendered":"<p>La Universitat Miguel Hern\u00e1ndez (UMH) d\u2019Elx, a trav\u00e9s del Vicerectorat d\u2019Estudiants i Coordinaci\u00f3, impulsa activament la divulgaci\u00f3 cient\u00edfica com una eina essencial per a apropar el coneixement generat als seus campus a la societat.<br \/>\nEn aquest context, s\u2019ha habilitat un sistema de reconeixement de les activitats de divulgaci\u00f3 desenvolupades als canals i plataformes institucionals de la [&#8230;]<\/p>\n","protected":false},"author":4355,"featured_media":0,"parent":0,"menu_order":35,"comment_status":"closed","ping_status":"closed","template":"","meta":{"_links_to":"","_links_to_target":""},"_links":{"self":[{"href":"https:\/\/vdoestudcoor.umh.es\/ca\/wp-json\/wp\/v2\/pages\/470"}],"collection":[{"href":"https:\/\/vdoestudcoor.umh.es\/ca\/wp-json\/wp\/v2\/pages"}],"about":[{"href":"https:\/\/vdoestudcoor.umh.es\/ca\/wp-json\/wp\/v2\/types\/page"}],"author":[{"embeddable":true,"href":"https:\/\/vdoestudcoor.umh.es\/ca\/wp-json\/wp\/v2\/users\/4355"}],"replies":[{"embeddable":true,"href":"https:\/\/vdoestudcoor.umh.es\/ca\/wp-json\/wp\/v2\/comments?post=470"}],"version-history":[{"count":0,"href":"https:\/\/vdoestudcoor.umh.es\/ca\/wp-json\/wp\/v2\/pages\/470\/revisions"}],"wp:attachment":[{"href":"https:\/\/vdoestudcoor.umh.es\/ca\/wp-json\/wp\/v2\/media?parent=470"}],"curies":[{"name":"wp","href":"https:\/\/api.w.org\/{rel}","templated":true}]}}